{"id":244193,"date":"2025-04-09T12:53:21","date_gmt":"2025-04-09T10:53:21","guid":{"rendered":"https:\/\/www.gmc-moto.ch\/temp-toutes-marques\/"},"modified":"2025-04-10T18:31:13","modified_gmt":"2025-04-10T16:31:13","slug":"unsere-motorrad-rollermarken","status":"publish","type":"page","link":"https:\/\/www.gmc-moto.ch\/de\/unsere-motorrad-rollermarken\/","title":{"rendered":"Unsere Motorrad- und Rollermarken"},"content":{"rendered":"<div class=\"wpb-content-wrapper\"><p>[vc_row heading_color=&#8220;light&#8220; bg_type=&#8220;color&#8220; padding_top_multiplier=&#8220;4x&#8220; padding_bottom_multiplier=&#8220;2x&#8220; bg_color=&#8220;#1D1D1D&#8220; font_color=&#8220;#FFFFFF&#8220;][vc_column]<div class=\"grve-empty-space grve-height-1x\" style=\"\"><\/div><h1 class=\"grve-element grve-title grve-align-center grve-h1 gmc-font grve-increase-heading grve-heading-120\" style=\"\"><span>GEN\u00c8VE MOTO CENTER<span class=\"grve-title-line grve-bg-white\" style=\"width: 50px;height: 1px;\"><\/span><\/span><\/h1><div class=\"grve-empty-space grve-height-1x\" style=\"\"><\/div>[vc_column_text css=&#8220;&#8220;]<\/p>\n<p style=\"text-align: center;\">Unsere Marken!<\/p>\n<p>[\/vc_column_text][\/vc_column][\/vc_row][vc_row bg_type=&#8220;color&#8220; padding_bottom_multiplier=&#8220;&#8220; columns_gap=&#8220;5&#8243; bg_color=&#8220;#1d1d1d&#8220;][vc_column width=&#8220;1\/4&#8243; mobile_width=&#8220;1-4&#8243; clipping_animation=&#8220;clipping-up&#8220; css=&#8220;.vc_custom_1744195080170{border-top-width: 1px !important;border-right-width: 1px !important;border-bottom-width: 1px !important;border-left-width: 1px !important;background-position: center !important;background-repeat: no-repeat !important;background-size: cover !important;border-left-style: initial !important;border-right-style: initial !important;border-top-style: initial !important;border-bottom-style: initial !important;border-radius: 35px !important;border-color: #333333 !important;}&#8220;]<div class=\"grve-element grve-image zoom-div grve-align-center\" style=\"\">  <div class=\"grve-image-wrapper\"><a href=\"https:\/\/www.ktm.com\/fr-ch.html\" target=\"_blank\" rel=\"noopener noreferrer\"><img loading=\"lazy\" decoding=\"async\" width=\"250\" height=\"225\" src=\"https:\/\/www.gmc-moto.ch\/wp-content\/uploads\/2025\/04\/ktm.jpg\" class=\"grve-extra-round attachment-full size-full\" alt=\"Logo KTM - Motos \n disponibles chez Gen\u00e8ve Moto Center\" srcset=\"https:\/\/www.gmc-moto.ch\/wp-content\/uploads\/2025\/04\/ktm.jpg 250w, https:\/\/www.gmc-moto.ch\/wp-content\/uploads\/2025\/04\/ktm-64x58.jpg 64w\" sizes=\"auto, (max-width: 250px) 100vw, 250px\" \/><\/a>   <\/div><\/div>[\/vc_column][vc_column width=&#8220;1\/4&#8243; mobile_width=&#8220;1-4&#8243; clipping_animation=&#8220;clipping-down&#8220;]<div class=\"grve-element grve-image zoom-div grve-align-center\" style=\"\">  <div class=\"grve-image-wrapper\"><a href=\"https:\/\/www.gmc-moto.ch\/de\/motos-et-scooters-suzuki\/\"><img loading=\"lazy\" decoding=\"async\" width=\"250\" height=\"225\" src=\"https:\/\/www.gmc-moto.ch\/wp-content\/uploads\/2025\/04\/suzuki.jpg\" class=\"grve-extra-round attachment-full size-full\" alt=\"Logo Suzuki- Motos et scooters disponibles chez Gen\u00e8ve Moto Center\" srcset=\"https:\/\/www.gmc-moto.ch\/wp-content\/uploads\/2025\/04\/suzuki.jpg 250w, https:\/\/www.gmc-moto.ch\/wp-content\/uploads\/2025\/04\/suzuki-64x58.jpg 64w\" sizes=\"auto, (max-width: 250px) 100vw, 250px\" \/><\/a>   <\/div><\/div>[\/vc_column][vc_column width=&#8220;1\/4&#8243; mobile_width=&#8220;1-4&#8243; clipping_animation=&#8220;clipping-up&#8220;]<div class=\"grve-element grve-image zoom-div grve-align-center\" style=\"\">  <div class=\"grve-image-wrapper\"><a href=\"https:\/\/www.gmc-moto.ch\/de\/tous-nos-scooters-sym\/\"><img loading=\"lazy\" decoding=\"async\" width=\"250\" height=\"225\" src=\"https:\/\/www.gmc-moto.ch\/wp-content\/uploads\/2025\/04\/sym.jpg\" class=\"grve-extra-round attachment-full size-full\" alt=\"Logo Sym - Motos et scooters disponibles chez Gen\u00e8ve Moto Center\" srcset=\"https:\/\/www.gmc-moto.ch\/wp-content\/uploads\/2025\/04\/sym.jpg 250w, https:\/\/www.gmc-moto.ch\/wp-content\/uploads\/2025\/04\/sym-64x58.jpg 64w\" sizes=\"auto, (max-width: 250px) 100vw, 250px\" \/><\/a>   <\/div><\/div>[\/vc_column][vc_column width=&#8220;1\/4&#8243; mobile_width=&#8220;1-4&#8243; clipping_animation=&#8220;clipping-down&#8220;]<div class=\"grve-element grve-image zoom-div grve-align-center\" style=\"\">  <div class=\"grve-image-wrapper\"><a href=\"https:\/\/www.gmc-moto.ch\/de\/motos-scooters-voge\/\"><img loading=\"lazy\" decoding=\"async\" width=\"250\" height=\"225\" src=\"https:\/\/www.gmc-moto.ch\/wp-content\/uploads\/2025\/04\/voge.jpg\" class=\"grve-extra-round attachment-full size-full\" alt=\"Logo Voge - Motos et scooters disponibles chez Gen\u00e8ve Moto Center\" srcset=\"https:\/\/www.gmc-moto.ch\/wp-content\/uploads\/2025\/04\/voge.jpg 250w, https:\/\/www.gmc-moto.ch\/wp-content\/uploads\/2025\/04\/voge-64x58.jpg 64w\" sizes=\"auto, (max-width: 250px) 100vw, 250px\" \/><\/a>   <\/div><\/div>[\/vc_column][\/vc_row][vc_row bg_type=&#8220;color&#8220; columns_gap=&#8220;5&#8243; bg_color=&#8220;#1d1d1d&#8220;][vc_column width=&#8220;1\/4&#8243; mobile_width=&#8220;1-4&#8243; clipping_animation=&#8220;clipping-up&#8220;]<div class=\"grve-element grve-image zoom-div grve-align-center\" style=\"\">  <div class=\"grve-image-wrapper\"><a href=\"https:\/\/www.gmc-moto.ch\/de\/motos-kove\/\"><img loading=\"lazy\" decoding=\"async\" width=\"250\" height=\"225\" src=\"https:\/\/www.gmc-moto.ch\/wp-content\/uploads\/2025\/04\/kove.jpg\" class=\"grve-extra-round attachment-full size-full\" alt=\"Logo Kove - Motos et scooters disponibles chez Gen\u00e8ve Moto Center\" srcset=\"https:\/\/www.gmc-moto.ch\/wp-content\/uploads\/2025\/04\/kove.jpg 250w, https:\/\/www.gmc-moto.ch\/wp-content\/uploads\/2025\/04\/kove-64x58.jpg 64w\" sizes=\"auto, (max-width: 250px) 100vw, 250px\" \/><\/a>   <\/div><\/div>[\/vc_column][vc_column width=&#8220;1\/4&#8243; mobile_width=&#8220;1-4&#8243; clipping_animation=&#8220;clipping-down&#8220;]<div class=\"grve-element grve-image zoom-div grve-align-center\" style=\"\">  <div class=\"grve-image-wrapper\"><a href=\"https:\/\/www.gmc-moto.ch\/de\/scooters-wottan-gmc\/\"><img loading=\"lazy\" decoding=\"async\" width=\"250\" height=\"225\" src=\"https:\/\/www.gmc-moto.ch\/wp-content\/uploads\/2025\/04\/wottan.jpg\" class=\"grve-extra-round attachment-full size-full\" alt=\"Logo Wottan - Motos et scooters disponibles chez Gen\u00e8ve Moto Center\" srcset=\"https:\/\/www.gmc-moto.ch\/wp-content\/uploads\/2025\/04\/wottan.jpg 250w, https:\/\/www.gmc-moto.ch\/wp-content\/uploads\/2025\/04\/wottan-64x58.jpg 64w\" sizes=\"auto, (max-width: 250px) 100vw, 250px\" \/><\/a>   <\/div><\/div>[\/vc_column][vc_column width=&#8220;1\/4&#8243; mobile_width=&#8220;1-4&#8243; clipping_animation=&#8220;clipping-up&#8220;]<div class=\"grve-element grve-image zoom-div grve-align-center\" style=\"\">  <div class=\"grve-image-wrapper\"><a href=\"https:\/\/gmc-moto.ch\/motos-scooters-zontes\"><img loading=\"lazy\" decoding=\"async\" width=\"250\" height=\"225\" src=\"https:\/\/www.gmc-moto.ch\/wp-content\/uploads\/2025\/04\/zontes.jpg\" class=\"grve-extra-round attachment-full size-full\" alt=\"Logo Zontes - Motos et scooters disponibles chez Gen\u00e8ve Moto Center\" srcset=\"https:\/\/www.gmc-moto.ch\/wp-content\/uploads\/2025\/04\/zontes.jpg 250w, https:\/\/www.gmc-moto.ch\/wp-content\/uploads\/2025\/04\/zontes-64x58.jpg 64w\" sizes=\"auto, (max-width: 250px) 100vw, 250px\" \/><\/a>   <\/div><\/div>[\/vc_column][vc_column width=&#8220;1\/4&#8243; mobile_width=&#8220;1-4&#8243; clipping_animation=&#8220;clipping-down&#8220;]<div class=\"grve-element grve-image zoom-div grve-align-center\" style=\"\">  <div class=\"grve-image-wrapper\"><a href=\"https:\/\/www.gmc-moto.ch\/de\/motos-benelli\/\"><img loading=\"lazy\" decoding=\"async\" width=\"250\" height=\"225\" src=\"https:\/\/www.gmc-moto.ch\/wp-content\/uploads\/2025\/04\/benelli.jpg\" class=\"grve-extra-round attachment-full size-full\" alt=\"Logo Benelli - Motos  disponibles chez Gen\u00e8ve Moto Center\" srcset=\"https:\/\/www.gmc-moto.ch\/wp-content\/uploads\/2025\/04\/benelli.jpg 250w, https:\/\/www.gmc-moto.ch\/wp-content\/uploads\/2025\/04\/benelli-64x58.jpg 64w\" sizes=\"auto, (max-width: 250px) 100vw, 250px\" \/><\/a>   <\/div><\/div>[\/vc_column][\/vc_row]<\/p>\n<\/div>","protected":false},"excerpt":{"rendered":"<p>[vc_row heading_color=&#8220;light&#8220; bg_type=&#8220;color&#8220; padding_top_multiplier=&#8220;4x&#8220; padding_bottom_multiplier=&#8220;2x&#8220; bg_color=&#8220;#1D1D1D&#8220; font_color=&#8220;#FFFFFF&#8220;][vc_column][vc_column_text css=&#8220;&#8220;] Unsere Marken! [\/vc_column_text][\/vc_column][\/vc_row][vc_row bg_type=&#8220;color&#8220; padding_bottom_multiplier=&#8220;&#8220; columns_gap=&#8220;5&#8243; bg_color=&#8220;#1d1d1d&#8220;][vc_column width=&#8220;1\/4&#8243; mobile_width=&#8220;1-4&#8243; clipping_animation=&#8220;clipping-up&#8220; css=&#8220;.vc_custom_1744195080170{border-top-width: 1px !important;border-right-width: 1px !important;border-bottom-width: 1px !important;border-left-width: 1px !important;background-position: center !important;background-repeat: no-repeat !important;background-size: cover !important;border-left-style: initial !important;border-right-style: initial !important;border-top-style: initial !important;border-bottom-style: initial !important;border-radius: 35px !important;border-color: #333333 !important;}&#8220;][\/vc_column][vc_column width=&#8220;1\/4&#8243; mobile_width=&#8220;1-4&#8243; clipping_animation=&#8220;clipping-down&#8220;][\/vc_column][vc_column width=&#8220;1\/4&#8243; mobile_width=&#8220;1-4&#8243; clipping_animation=&#8220;clipping-up&#8220;][\/vc_column][vc_column width=&#8220;1\/4&#8243; mobile_width=&#8220;1-4&#8243; clipping_animation=&#8220;clipping-down&#8220;][\/vc_column][\/vc_row][vc_row bg_type=&#8220;color&#8220; [&hellip;]<\/p>\n","protected":false},"author":6,"featured_media":243923,"parent":0,"menu_order":0,"comment_status":"closed","ping_status":"closed","template":"","meta":{"_acf_changed":false,"footnotes":""},"class_list":["post-244193","page","type-page","status-publish","has-post-thumbnail","hentry"],"acf":[],"yoast_head":"<!-- This site is optimized with the Yoast SEO plugin v27.4 - https:\/\/yoast.com\/product\/yoast-seo-wordpress\/ -->\n<title>Unsere Motorrad- und Rollermarken - Gen\u00e8ve Moto Center<\/title>\n<meta name=\"description\" content=\"W\u00e4hlen Sie die Marke aus, um alle verf\u00fcgbaren Motorrad- und Rollermodelle von GMC anzuzeigen! Kommen Sie direkt vorbei und probieren Sie sie aus!\" \/>\n<meta name=\"robots\" content=\"index, follow, max-snippet:-1, max-image-preview:large, max-video-preview:-1\" \/>\n<link rel=\"canonical\" href=\"https:\/\/www.gmc-moto.ch\/de\/unsere-motorrad-rollermarken\/\" \/>\n<meta property=\"og:locale\" content=\"de_DE\" \/>\n<meta property=\"og:type\" content=\"article\" \/>\n<meta property=\"og:title\" content=\"Unsere Motorrad- und Rollermarken - Gen\u00e8ve Moto Center\" \/>\n<meta property=\"og:description\" content=\"W\u00e4hlen Sie die Marke aus, um alle verf\u00fcgbaren Motorrad- und Rollermodelle von GMC anzuzeigen! Kommen Sie direkt vorbei und probieren Sie sie aus!\" \/>\n<meta property=\"og:url\" content=\"https:\/\/www.gmc-moto.ch\/de\/unsere-motorrad-rollermarken\/\" \/>\n<meta property=\"og:site_name\" content=\"Gen\u00e8ve Moto Center\" \/>\n<meta property=\"article:publisher\" content=\"https:\/\/www.facebook.com\/suzukigeneve\/\" \/>\n<meta property=\"article:modified_time\" content=\"2025-04-10T16:31:13+00:00\" \/>\n<meta property=\"og:image\" content=\"https:\/\/www.gmc-moto.ch\/wp-content\/uploads\/2025\/04\/GMC-KTM-feat-img.jpg\" \/>\n\t<meta property=\"og:image:width\" content=\"486\" \/>\n\t<meta property=\"og:image:height\" content=\"300\" \/>\n\t<meta property=\"og:image:type\" content=\"image\/jpeg\" \/>\n<meta name=\"twitter:card\" content=\"summary_large_image\" \/>\n<meta name=\"twitter:label1\" content=\"Gesch\u00e4tzte Lesezeit\" \/>\n\t<meta name=\"twitter:data1\" content=\"1 Minute\" \/>\n<script type=\"application\/ld+json\" class=\"yoast-schema-graph\">{\"@context\":\"https:\\\/\\\/schema.org\",\"@graph\":[{\"@type\":\"WebPage\",\"@id\":\"https:\\\/\\\/www.gmc-moto.ch\\\/de\\\/unsere-motorrad-rollermarken\\\/\",\"url\":\"https:\\\/\\\/www.gmc-moto.ch\\\/de\\\/unsere-motorrad-rollermarken\\\/\",\"name\":\"Unsere Motorrad- und Rollermarken - Gen\u00e8ve Moto Center\",\"isPartOf\":{\"@id\":\"https:\\\/\\\/www.gmc-moto.ch\\\/de\\\/#website\"},\"primaryImageOfPage\":{\"@id\":\"https:\\\/\\\/www.gmc-moto.ch\\\/de\\\/unsere-motorrad-rollermarken\\\/#primaryimage\"},\"image\":{\"@id\":\"https:\\\/\\\/www.gmc-moto.ch\\\/de\\\/unsere-motorrad-rollermarken\\\/#primaryimage\"},\"thumbnailUrl\":\"https:\\\/\\\/www.gmc-moto.ch\\\/wp-content\\\/uploads\\\/2025\\\/04\\\/GMC-KTM-feat-img.jpg\",\"datePublished\":\"2025-04-09T10:53:21+00:00\",\"dateModified\":\"2025-04-10T16:31:13+00:00\",\"description\":\"W\u00e4hlen Sie die Marke aus, um alle verf\u00fcgbaren Motorrad- und Rollermodelle von GMC anzuzeigen! Kommen Sie direkt vorbei und probieren Sie sie aus!\",\"breadcrumb\":{\"@id\":\"https:\\\/\\\/www.gmc-moto.ch\\\/de\\\/unsere-motorrad-rollermarken\\\/#breadcrumb\"},\"inLanguage\":\"de-DE\",\"potentialAction\":[{\"@type\":\"ReadAction\",\"target\":[\"https:\\\/\\\/www.gmc-moto.ch\\\/de\\\/unsere-motorrad-rollermarken\\\/\"]}]},{\"@type\":\"ImageObject\",\"inLanguage\":\"de-DE\",\"@id\":\"https:\\\/\\\/www.gmc-moto.ch\\\/de\\\/unsere-motorrad-rollermarken\\\/#primaryimage\",\"url\":\"https:\\\/\\\/www.gmc-moto.ch\\\/wp-content\\\/uploads\\\/2025\\\/04\\\/GMC-KTM-feat-img.jpg\",\"contentUrl\":\"https:\\\/\\\/www.gmc-moto.ch\\\/wp-content\\\/uploads\\\/2025\\\/04\\\/GMC-KTM-feat-img.jpg\",\"width\":486,\"height\":300,\"caption\":\"KTM Motorcycles Genf\"},{\"@type\":\"BreadcrumbList\",\"@id\":\"https:\\\/\\\/www.gmc-moto.ch\\\/de\\\/unsere-motorrad-rollermarken\\\/#breadcrumb\",\"itemListElement\":[{\"@type\":\"ListItem\",\"position\":1,\"name\":\"Home\",\"item\":\"https:\\\/\\\/www.gmc-moto.ch\\\/de\\\/\"},{\"@type\":\"ListItem\",\"position\":2,\"name\":\"Unsere Motorrad- und Rollermarken\"}]},{\"@type\":\"WebSite\",\"@id\":\"https:\\\/\\\/www.gmc-moto.ch\\\/de\\\/#website\",\"url\":\"https:\\\/\\\/www.gmc-moto.ch\\\/de\\\/\",\"name\":\"Gen\u00e8ve Moto Center\",\"description\":\"Motos et Scooters neufs - Le plus grand showroom de suisse romande - Venez essayer nos mod\u00e8les - Atelier Motos Scooters - Centre Karcher\",\"publisher\":{\"@id\":\"https:\\\/\\\/www.gmc-moto.ch\\\/de\\\/#organization\"},\"alternateName\":\"GMC-Moto\",\"potentialAction\":[{\"@type\":\"SearchAction\",\"target\":{\"@type\":\"EntryPoint\",\"urlTemplate\":\"https:\\\/\\\/www.gmc-moto.ch\\\/de\\\/?s={search_term_string}\"},\"query-input\":{\"@type\":\"PropertyValueSpecification\",\"valueRequired\":true,\"valueName\":\"search_term_string\"}}],\"inLanguage\":\"de-DE\"},{\"@type\":\"Organization\",\"@id\":\"https:\\\/\\\/www.gmc-moto.ch\\\/de\\\/#organization\",\"name\":\"Gen\u00e8ve Moto Center SA\",\"alternateName\":\"GMC\",\"url\":\"https:\\\/\\\/www.gmc-moto.ch\\\/de\\\/\",\"logo\":{\"@type\":\"ImageObject\",\"inLanguage\":\"de-DE\",\"@id\":\"https:\\\/\\\/www.gmc-moto.ch\\\/de\\\/#\\\/schema\\\/logo\\\/image\\\/\",\"url\":\"https:\\\/\\\/www.gmc-moto.ch\\\/wp-content\\\/uploads\\\/2020\\\/08\\\/logo-emboss-s.png\",\"contentUrl\":\"https:\\\/\\\/www.gmc-moto.ch\\\/wp-content\\\/uploads\\\/2020\\\/08\\\/logo-emboss-s.png\",\"width\":80,\"height\":80,\"caption\":\"Gen\u00e8ve Moto Center SA\"},\"image\":{\"@id\":\"https:\\\/\\\/www.gmc-moto.ch\\\/de\\\/#\\\/schema\\\/logo\\\/image\\\/\"},\"sameAs\":[\"https:\\\/\\\/www.facebook.com\\\/suzukigeneve\\\/\",\"https:\\\/\\\/www.instagram.com\\\/genevemotocenter\\\/\"]}]}<\/script>\n<!-- \/ Yoast SEO plugin. -->","yoast_head_json":{"title":"Unsere Motorrad- und Rollermarken - Gen\u00e8ve Moto Center","description":"W\u00e4hlen Sie die Marke aus, um alle verf\u00fcgbaren Motorrad- und Rollermodelle von GMC anzuzeigen! Kommen Sie direkt vorbei und probieren Sie sie aus!","robots":{"index":"index","follow":"follow","max-snippet":"max-snippet:-1","max-image-preview":"max-image-preview:large","max-video-preview":"max-video-preview:-1"},"canonical":"https:\/\/www.gmc-moto.ch\/de\/unsere-motorrad-rollermarken\/","og_locale":"de_DE","og_type":"article","og_title":"Unsere Motorrad- und Rollermarken - Gen\u00e8ve Moto Center","og_description":"W\u00e4hlen Sie die Marke aus, um alle verf\u00fcgbaren Motorrad- und Rollermodelle von GMC anzuzeigen! Kommen Sie direkt vorbei und probieren Sie sie aus!","og_url":"https:\/\/www.gmc-moto.ch\/de\/unsere-motorrad-rollermarken\/","og_site_name":"Gen\u00e8ve Moto Center","article_publisher":"https:\/\/www.facebook.com\/suzukigeneve\/","article_modified_time":"2025-04-10T16:31:13+00:00","og_image":[{"width":486,"height":300,"url":"https:\/\/www.gmc-moto.ch\/wp-content\/uploads\/2025\/04\/GMC-KTM-feat-img.jpg","type":"image\/jpeg"}],"twitter_card":"summary_large_image","twitter_misc":{"Gesch\u00e4tzte Lesezeit":"1 Minute"},"schema":{"@context":"https:\/\/schema.org","@graph":[{"@type":"WebPage","@id":"https:\/\/www.gmc-moto.ch\/de\/unsere-motorrad-rollermarken\/","url":"https:\/\/www.gmc-moto.ch\/de\/unsere-motorrad-rollermarken\/","name":"Unsere Motorrad- und Rollermarken - Gen\u00e8ve Moto Center","isPartOf":{"@id":"https:\/\/www.gmc-moto.ch\/de\/#website"},"primaryImageOfPage":{"@id":"https:\/\/www.gmc-moto.ch\/de\/unsere-motorrad-rollermarken\/#primaryimage"},"image":{"@id":"https:\/\/www.gmc-moto.ch\/de\/unsere-motorrad-rollermarken\/#primaryimage"},"thumbnailUrl":"https:\/\/www.gmc-moto.ch\/wp-content\/uploads\/2025\/04\/GMC-KTM-feat-img.jpg","datePublished":"2025-04-09T10:53:21+00:00","dateModified":"2025-04-10T16:31:13+00:00","description":"W\u00e4hlen Sie die Marke aus, um alle verf\u00fcgbaren Motorrad- und Rollermodelle von GMC anzuzeigen! Kommen Sie direkt vorbei und probieren Sie sie aus!","breadcrumb":{"@id":"https:\/\/www.gmc-moto.ch\/de\/unsere-motorrad-rollermarken\/#breadcrumb"},"inLanguage":"de-DE","potentialAction":[{"@type":"ReadAction","target":["https:\/\/www.gmc-moto.ch\/de\/unsere-motorrad-rollermarken\/"]}]},{"@type":"ImageObject","inLanguage":"de-DE","@id":"https:\/\/www.gmc-moto.ch\/de\/unsere-motorrad-rollermarken\/#primaryimage","url":"https:\/\/www.gmc-moto.ch\/wp-content\/uploads\/2025\/04\/GMC-KTM-feat-img.jpg","contentUrl":"https:\/\/www.gmc-moto.ch\/wp-content\/uploads\/2025\/04\/GMC-KTM-feat-img.jpg","width":486,"height":300,"caption":"KTM Motorcycles Genf"},{"@type":"BreadcrumbList","@id":"https:\/\/www.gmc-moto.ch\/de\/unsere-motorrad-rollermarken\/#breadcrumb","itemListElement":[{"@type":"ListItem","position":1,"name":"Home","item":"https:\/\/www.gmc-moto.ch\/de\/"},{"@type":"ListItem","position":2,"name":"Unsere Motorrad- und Rollermarken"}]},{"@type":"WebSite","@id":"https:\/\/www.gmc-moto.ch\/de\/#website","url":"https:\/\/www.gmc-moto.ch\/de\/","name":"Gen\u00e8ve Moto Center","description":"Motos et Scooters neufs - Le plus grand showroom de suisse romande - Venez essayer nos mod\u00e8les - Atelier Motos Scooters - Centre Karcher","publisher":{"@id":"https:\/\/www.gmc-moto.ch\/de\/#organization"},"alternateName":"GMC-Moto","potentialAction":[{"@type":"SearchAction","target":{"@type":"EntryPoint","urlTemplate":"https:\/\/www.gmc-moto.ch\/de\/?s={search_term_string}"},"query-input":{"@type":"PropertyValueSpecification","valueRequired":true,"valueName":"search_term_string"}}],"inLanguage":"de-DE"},{"@type":"Organization","@id":"https:\/\/www.gmc-moto.ch\/de\/#organization","name":"Gen\u00e8ve Moto Center SA","alternateName":"GMC","url":"https:\/\/www.gmc-moto.ch\/de\/","logo":{"@type":"ImageObject","inLanguage":"de-DE","@id":"https:\/\/www.gmc-moto.ch\/de\/#\/schema\/logo\/image\/","url":"https:\/\/www.gmc-moto.ch\/wp-content\/uploads\/2020\/08\/logo-emboss-s.png","contentUrl":"https:\/\/www.gmc-moto.ch\/wp-content\/uploads\/2020\/08\/logo-emboss-s.png","width":80,"height":80,"caption":"Gen\u00e8ve Moto Center SA"},"image":{"@id":"https:\/\/www.gmc-moto.ch\/de\/#\/schema\/logo\/image\/"},"sameAs":["https:\/\/www.facebook.com\/suzukigeneve\/","https:\/\/www.instagram.com\/genevemotocenter\/"]}]}},"_links":{"self":[{"href":"https:\/\/www.gmc-moto.ch\/de\/wp-json\/wp\/v2\/pages\/244193","targetHints":{"allow":["GET"]}}],"collection":[{"href":"https:\/\/www.gmc-moto.ch\/de\/wp-json\/wp\/v2\/pages"}],"about":[{"href":"https:\/\/www.gmc-moto.ch\/de\/wp-json\/wp\/v2\/types\/page"}],"author":[{"embeddable":true,"href":"https:\/\/www.gmc-moto.ch\/de\/wp-json\/wp\/v2\/users\/6"}],"replies":[{"embeddable":true,"href":"https:\/\/www.gmc-moto.ch\/de\/wp-json\/wp\/v2\/comments?post=244193"}],"version-history":[{"count":0,"href":"https:\/\/www.gmc-moto.ch\/de\/wp-json\/wp\/v2\/pages\/244193\/revisions"}],"wp:featuredmedia":[{"embeddable":true,"href":"https:\/\/www.gmc-moto.ch\/de\/wp-json\/wp\/v2\/media\/243923"}],"wp:attachment":[{"href":"https:\/\/www.gmc-moto.ch\/de\/wp-json\/wp\/v2\/media?parent=244193"}],"curies":[{"name":"wp","href":"https:\/\/api.w.org\/{rel}","templated":true}]}}